{"id":555,"date":"2018-12-04T14:40:30","date_gmt":"2018-12-04T17:40:30","guid":{"rendered":"https:\/\/frsnweb2.frsn.utn.edu.ar\/?page_id=555"},"modified":"2018-12-04T14:40:30","modified_gmt":"2018-12-04T17:40:30","slug":"doctorado-en-ingenieria-mencion-materiales","status":"publish","type":"page","link":"https:\/\/www.frsn.utn.edu.ar\/?page_id=555","title":{"rendered":"Doctorado en Ingenier\u00eda Menci\u00f3n Materiales"},"content":{"rendered":"<table border=\"0\" width=\"100%\" cellspacing=\"0\" cellpadding=\"0\">\n<tbody>\n<tr>\n<td width=\"*\">\n<table class=\"textohome\" width=\"100%\">\n<tbody>\n<tr>\n<td width=\"100%\">Los materiales est\u00e1n en el centro de todos los avances tecnol\u00f3gicos.\u00a0El dominio del desarrollo, la s\u00edntesis y el procesamiento de los materiales abre oportunidades con las que apenas se so\u00f1aba hace algunas d\u00e9cadas.<\/p>\n<p>Esta afirmaci\u00f3n se hace evidente al considerar el progreso espectacular producido en campos tan diversos como la energ\u00eda, las telecomunicaciones, la computaci\u00f3n, la construcci\u00f3n y el transporte.\u00a0El impacto de los materiales se extiende m\u00e1s all\u00e1 de los productos porque decenas de millones de empleos en manufactura dependen de la disponibilidad de materiales especializados de alta calidad. Mientras que cada uno de ellos se selecciona por sus propiedades con el fin de satisfacer una necesidad espec\u00edfica, tambi\u00e9n se debe considerar su aptitud para funcionar en conjunto con otros materiales de similar o diferente naturaleza qu\u00edmica.<\/p>\n<p><strong>T\u00edtulo que otorga<\/strong><\/p>\n<p>Doctor en Ingenier\u00eda, Menci\u00f3n Materiales<\/p>\n<p><strong>Perfil del egresado<\/strong><\/p>\n<div>El objetivo es formar profesionales altamente capacitados en lo referido a la producci\u00f3n, procesamiento, empleo y mantenimiento de materiales, procurando alcanzar un lugar prominente en los desarrollos tecnol\u00f3gicos, con el objetivo de incrementar el bienestar de la sociedad.<\/div>\n<div><\/div>\n<div>Se espera que los alumnos desarrollen una comprensi\u00f3n fundamental del comportamiento de los materiales, que pueda contribuir a prepararlos para la investigaci\u00f3n en un entorno de cambios r\u00e1pidos. Dado que la ingenier\u00eda es tambi\u00e9n una actividad aplicada, se desarrollan aplicaciones basadas en los fundamentos te\u00f3ricos, en todos los campos disciplinares contemplados en la oferta de cursos de la Carrera.<\/div>\n<div><\/div>\n<div>La modalidad de vinculaci\u00f3n cooperativa posibilita a docentes investigadores y doctorandos la movilidad para, adem\u00e1s de cumplimentar con las actividades acad\u00e9micas programadas, concretar intercambios entre todos los Grupos y Centros que conforman el Doctorado en Ingenier\u00eda, Menci\u00f3n Materiales.<\/div>\n<div><\/div>\n<div><strong>Duraci\u00f3n<\/strong><\/div>\n<div><\/div>\n<div>La Carrera tiene una duraci\u00f3n estimada de cuatro (4)\u00a0a\u00f1os, lapso en el cual se deben alcanzar los objetivos de formaci\u00f3n, finalizando con la aprobaci\u00f3n de un trabajo de tesis por parte de un jurado altamente calificado.<\/div>\n<div><\/div>\n<div><strong>Plan de Estudios<\/strong><\/div>\n<div><\/div>\n<div>\n<div>Los cursos que se dictan en cada Facultad Regional que integran el cooperativo otorgan cr\u00e9ditos para el Doctorado; ellos est\u00e1n abiertos para profesionales, del \u00e1mbito p\u00fablico y privado, y docentes est\u00e9n o no inscriptos en la Carrera, que cumplan los requisitos curriculares mencionados en la normativa vigente. Por otra parte, el Doctorado reconoce cr\u00e9ditos por cursos aprobados en otras Universidades del pa\u00eds o del exterior, previa evaluaci\u00f3n por parte del Comit\u00e9 Acad\u00e9mico de la Carrera y de la Comisi\u00f3n de Postgrado de la Universidad.<\/div>\n<div><\/div>\n<div>La Carrera es no estructurada, es decir que no tiene una l\u00ednea de cursos ordenados o preestablecidos; el doctorando junto al Director proponen los cursos tentativos en el Plan de Tesis, ad-referendum de la aprobaci\u00f3n de la Comit\u00e9 Acad\u00e9mico de la Carrera y de la Comisi\u00f3n de Postgrado de la Universidad.<\/div>\n<\/div>\n<div><\/div>\n<div><strong>Admisi\u00f3n<\/strong><\/div>\n<div><\/div>\n<div>\n<div>La inscripci\u00f3n se encuentra abierta en forma permanente en cada una de las sedes; los aspectos m\u00e1s importantes considerados por el Comit\u00e9 Acad\u00e9mico son el tema de tesis y su pertinencia, los antecedentes curriculares del Director y\/o Co-director, el plan de trabajo y su inserci\u00f3n en un proyecto homologado como as\u00ed tambi\u00e9n la infraestructura y el equipamiento disponibles. La aprobaci\u00f3n de la presentaci\u00f3n posibilita la posterior gesti\u00f3n de la admisi\u00f3n del postulante a trav\u00e9s de la presentaci\u00f3n de la documentaci\u00f3n correspondiente ante la Comisi\u00f3n de Postgrado de la Universidad.<\/div>\n<div><\/div>\n<div>\n<div><strong>Informes e Inscripci\u00f3n<\/strong><\/div>\n<div><\/div>\n<div>Contactarse v\u00eda e-mail a las direcciones electr\u00f3nicas m\u00e1s abajo indicadas o personalmente con alg\u00fan integrante de la estructura de gobierno de la Carrera.<\/div>\n<div><\/div>\n<div><strong>ORGANIZACI\u00d3N DE LA CARRERA<\/strong><\/div>\n<div><\/div>\n<div><strong>COMIT\u00c9 ACAD\u00c9MICO\u00a0<\/strong><\/div>\n<div><\/div>\n<div>Dr. Javier Amalvy, Facultad Regional La Plata<\/div>\n<div>jamalvy@inifta.unlp.edu.ar; jamalvy@yahoo.com.ar<\/div>\n<div><\/div>\n<div>Dr. Alberto Armas, Facultad Regional San Nicol\u00e1s<\/div>\n<div>armas@ifir-conicet.gov.ar<\/div>\n<div><\/div>\n<div>Dra. Liliana Pierella, Facultad Regional C\u00f3rdoba<\/div>\n<div>lpierella@scdt.frc.utn.edu.ar; lpierella@gmail.com<\/div>\n<div><\/div>\n<div>Dr. Juan Carlos Piter, Facultad Regional Concepci\u00f3n del Uruguay<\/div>\n<div>piterj@frcu.utn.edu.ar; jc.piter@gmail.com<\/div>\n<div><\/div>\n<div>Dra. Nancy Quaranta, Facultad Regional San Nicol\u00e1s<\/div>\n<div>nquaranta@frsn.utn.edu.ar; nancyquaranta@gmail.com<\/div>\n<div><\/div>\n<div>Dr. H\u00e9ctor Videla, Facultad Regional La Plata<\/div>\n<div>hector.videla@gmail.com; hvidela2000@yahoo.com<\/div>\n<div><\/div>\n<div><strong>DIRECTOR DE LA CARRERA\u00a0<\/strong><\/div>\n<div><\/div>\n<div>Dr. Carlos Giudice, Facultad Regional La Plata<\/div>\n<div>cagiudice@yahoo.com<\/div>\n<div><\/div>\n<div><strong>COORDINADORES POR FACULTAD REGIONAL\u00a0<\/strong><\/div>\n<div><\/div>\n<div>Concepci\u00f3n del Uruguay: Dra. Sonia P. Br\u00fchl<\/div>\n<div>sonia@frcu.utn.edu.ar; sbruhl@gmail.com<\/div>\n<div><\/div>\n<div>C\u00f3rdoba: Dra. Mar\u00eda Josefina Positieri<\/div>\n<div>mpositieri@civil.frc.utn.edu.ar; mpositieri@yahoo.com.ar<\/div>\n<div><\/div>\n<div>La Plata: Dra. Andrea M. Pereyra<\/div>\n<div>andreampereyra@yahoo.com<\/div>\n<div><\/div>\n<div>San Nicol\u00e1s: Dra. Elena Brandaleze<\/div>\n<div>ebrandaleze@frsn.utn.edu.ar; elenbran@hotmail.com<\/div>\n<\/div>\n<\/div>\n<\/td>\n<\/tr>\n<\/tbody>\n<\/table>\n<\/td>\n<\/tr>\n<\/tbody>\n<\/table>\n","protected":false},"excerpt":{"rendered":"<p>Los materiales est\u00e1n en el centro de todos los avances tecnol\u00f3gicos.\u00a0El dominio del desarrollo, la s\u00edntesis y el procesamiento de los materiales abre oportunidades con las que apenas se so\u00f1aba<\/p>\n","protected":false},"author":2,"featured_media":0,"parent":35,"menu_order":0,"comment_status":"closed","ping_status":"closed","template":"","meta":[],"_links":{"self":[{"href":"https:\/\/www.frsn.utn.edu.ar\/index.php?rest_route=\/wp\/v2\/pages\/555"}],"collection":[{"href":"https:\/\/www.frsn.utn.edu.ar\/index.php?rest_route=\/wp\/v2\/pages"}],"about":[{"href":"https:\/\/www.frsn.utn.edu.ar\/index.php?rest_route=\/wp\/v2\/types\/page"}],"author":[{"embeddable":true,"href":"https:\/\/www.frsn.utn.edu.ar\/index.php?rest_route=\/wp\/v2\/users\/2"}],"replies":[{"embeddable":true,"href":"https:\/\/www.frsn.utn.edu.ar\/index.php?rest_route=%2Fwp%2Fv2%2Fcomments&post=555"}],"version-history":[{"count":1,"href":"https:\/\/www.frsn.utn.edu.ar\/index.php?rest_route=\/wp\/v2\/pages\/555\/revisions"}],"predecessor-version":[{"id":556,"href":"https:\/\/www.frsn.utn.edu.ar\/index.php?rest_route=\/wp\/v2\/pages\/555\/revisions\/556"}],"up":[{"embeddable":true,"href":"https:\/\/www.frsn.utn.edu.ar\/index.php?rest_route=\/wp\/v2\/pages\/35"}],"wp:attachment":[{"href":"https:\/\/www.frsn.utn.edu.ar\/index.php?rest_route=%2Fwp%2Fv2%2Fmedia&parent=555"}],"curies":[{"name":"wp","href":"https:\/\/api.w.org\/{rel}","templated":true}]}}