{"id":4570,"date":"2024-05-27T15:34:57","date_gmt":"2024-05-27T18:34:57","guid":{"rendered":"https:\/\/www.frsn.utn.edu.ar\/?page_id=4570"},"modified":"2025-12-18T14:39:24","modified_gmt":"2025-12-18T17:39:24","slug":"calendario-academico-ingreso","status":"publish","type":"page","link":"https:\/\/www.frsn.utn.edu.ar\/?page_id=4570","title":{"rendered":"Calendario Acad\u00e9mico Ingreso"},"content":{"rendered":"\n<p><strong>202<\/strong>5<\/p>\n\n\n\n<p>ANEXO I<\/p>\n\n\n\n<p>Resoluci\u00f3n CD N\u00ba 175\/2025<\/p>\n\n\n\n<p><strong>CURSO 1<\/strong><\/p>\n\n\n\n<figure class=\"wp-block-table\"><table><tbody><tr><td>20 de mayo al 16 de junio<\/td><td>Inscripci\u00f3n<\/td><\/tr><tr><td>19 de junio<\/td><td>Comienza el Curso 1<\/td><\/tr><tr><td>06 de septiembre<\/td><td>Finaliza el Curso 1<\/td><\/tr><\/tbody><\/table><\/figure>\n\n\n\n<p><strong><strong>CURSO 2<\/strong><\/strong><\/p>\n\n\n\n<figure class=\"wp-block-table\"><table><tbody><tr><td>01 de julio al 06 de septiembre<\/td><td>Inscripci\u00f3n<\/td><\/tr><tr><td>16 de setiembre<\/td><td>Examen libre de F\u00edsica<\/td><\/tr><tr><td>18 de setiembre<\/td><td>Examen libre de Matem\u00e1tica<\/td><\/tr><tr><td>15 de setiembre<\/td><td>Comienza el Curso 2<\/td><\/tr><tr><td>29 de noviembre<\/td><td>Finaliza el Curso 2<\/td><\/tr><\/tbody><\/table><\/figure>\n\n\n\n<p><strong><strong>CURSO 3<\/strong><\/strong><\/p>\n\n\n\n<figure class=\"wp-block-table\"><table><tbody><tr><td>10 de noviembre al 02 de febrero<\/td><td>Inscripci\u00f3n<\/td><\/tr><tr><td>03 de febrero<\/td><td>Examen libre de F\u00edsica<\/td><\/tr><tr><td>05 de febrero<\/td><td>Examen libre de Matem\u00e1tica<\/td><\/tr><tr><td>09 de febrero<\/td><td>Comienza el Curso 3<\/td><\/tr><tr><td>14 de marzo<\/td><td>Finaliza el Curso 3<\/td><\/tr><\/tbody><\/table><\/figure>\n\n\n\n<p><strong>FERIADOS<\/strong><\/p>\n\n\n\n<figure class=\"wp-block-table\"><table><tbody><tr><td><strong>FECHA<\/strong><\/td><td><strong>D<\/strong><strong>\u00cdA<\/strong><\/td><td><strong>CO<\/strong><strong>N<\/strong><strong>MEMORACI\u00d3N<\/strong><\/td><\/tr><tr><td colspan=\"3\"><strong>202<\/strong>5<\/td><\/tr><tr><td>20 de junio<\/td><td>   vi<\/td><td>Paso a la inmortalidad del Gral. Belgrano<\/td><\/tr><tr><td>&nbsp; <\/td><td>&nbsp;<\/td><td><\/td><\/tr><tr><td>09 de julio<\/td><td>  mi<\/td><td>D\u00eda de la Independencia<\/td><\/tr><tr><td>15-17 de agosto<\/td><td>vi, do<\/td><td>D\u00eda no laborable &#8211; Paso a la inmortalidad del Gral. San Mart\u00edn<\/td><\/tr><tr><td>19 de agosto<\/td><td>  ma<\/td><td>D\u00eda de la UTN<\/td><\/tr><tr><td>21 de septiembre<\/td><td>  do<\/td><td>D\u00eda del Estudiante<\/td><\/tr><tr><td>12 de octubre<\/td><td>  do<\/td><td>D\u00eda del Respeto a la Diversidad Cultural &nbsp;<\/td><\/tr><tr><td>21-24 de noviembre<\/td><td>vi, lu<\/td><td>D\u00eda no laborable &#8211; D\u00eda de la Soberan\u00eda Nacional (pasa 20)<\/td><\/tr><tr><td>08 de diciembre<\/td><td>  lu<\/td><td>Inmaculada Concepci\u00f3n de Mar\u00eda &nbsp;<\/td><\/tr><tr><td>25 de diciembre<\/td><td>  ju<\/td><td>Navidad<\/td><\/tr><tr><td colspan=\"3\"><strong>202<\/strong>6 &nbsp;<\/td><\/tr><tr><td>01 de enero<\/td><td>  ju<\/td><td>Primero de a\u00f1o<\/td><\/tr><tr><td>16, 17 de febrero<\/td><td>lu,ma<\/td><td>Carnaval<\/td><\/tr><\/tbody><\/table><\/figure>\n\n\n\n<div class=\"wp-block-file\"><object class=\"wp-block-file__embed\" data=\"https:\/\/www.frsn.utn.edu.ar\/wp-content\/uploads\/2025\/12\/0175-RECD-CALENDARIO-SEMINARIO-INTRODUCTORIO-2026.pdf\" type=\"application\/pdf\" style=\"width:100%;height:600px\" aria-label=\"Incrustado de 0175-RECD-CALENDARIO-SEMINARIO-INTRODUCTORIO-2026.\"><\/object><a id=\"wp-block-file--media-6d7966b8-83f6-4a33-961a-baa1b85723b5\" href=\"https:\/\/www.frsn.utn.edu.ar\/wp-content\/uploads\/2025\/12\/0175-RECD-CALENDARIO-SEMINARIO-INTRODUCTORIO-2026.pdf\">0175-RECD-CALENDARIO-SEMINARIO-INTRODUCTORIO-2026<\/a><a href=\"https:\/\/www.frsn.utn.edu.ar\/wp-content\/uploads\/2025\/12\/0175-RECD-CALENDARIO-SEMINARIO-INTRODUCTORIO-2026.pdf\" class=\"wp-block-file__button wp-element-button\" download aria-describedby=\"wp-block-file--media-6d7966b8-83f6-4a33-961a-baa1b85723b5\">Descarga<\/a><\/div>\n","protected":false},"excerpt":{"rendered":"<p>2025 ANEXO I Resoluci\u00f3n CD N\u00ba 175\/2025 CURSO 1 20 de mayo al 16 de junio Inscripci\u00f3n 19 de junio Comienza el Curso 1 06 de septiembre Finaliza el Curso<\/p>\n","protected":false},"author":2,"featured_media":0,"parent":246,"menu_order":0,"comment_status":"closed","ping_status":"closed","template":"","meta":[],"_links":{"self":[{"href":"https:\/\/www.frsn.utn.edu.ar\/index.php?rest_route=\/wp\/v2\/pages\/4570"}],"collection":[{"href":"https:\/\/www.frsn.utn.edu.ar\/index.php?rest_route=\/wp\/v2\/pages"}],"about":[{"href":"https:\/\/www.frsn.utn.edu.ar\/index.php?rest_route=\/wp\/v2\/types\/page"}],"author":[{"embeddable":true,"href":"https:\/\/www.frsn.utn.edu.ar\/index.php?rest_route=\/wp\/v2\/users\/2"}],"replies":[{"embeddable":true,"href":"https:\/\/www.frsn.utn.edu.ar\/index.php?rest_route=%2Fwp%2Fv2%2Fcomments&post=4570"}],"version-history":[{"count":13,"href":"https:\/\/www.frsn.utn.edu.ar\/index.php?rest_route=\/wp\/v2\/pages\/4570\/revisions"}],"predecessor-version":[{"id":6557,"href":"https:\/\/www.frsn.utn.edu.ar\/index.php?rest_route=\/wp\/v2\/pages\/4570\/revisions\/6557"}],"up":[{"embeddable":true,"href":"https:\/\/www.frsn.utn.edu.ar\/index.php?rest_route=\/wp\/v2\/pages\/246"}],"wp:attachment":[{"href":"https:\/\/www.frsn.utn.edu.ar\/index.php?rest_route=%2Fwp%2Fv2%2Fmedia&parent=4570"}],"curies":[{"name":"wp","href":"https:\/\/api.w.org\/{rel}","templated":true}]}}