{"id":308,"date":"2018-11-08T14:00:06","date_gmt":"2018-11-08T17:00:06","guid":{"rendered":"https:\/\/frsnweb2.frsn.utn.edu.ar\/?page_id=308"},"modified":"2026-03-10T16:48:27","modified_gmt":"2026-03-10T19:48:27","slug":"calendario-academico-ingenieria","status":"publish","type":"page","link":"https:\/\/www.frsn.utn.edu.ar\/?page_id=308","title":{"rendered":"Calendario Acad\u00e9mico Ingenier\u00eda"},"content":{"rendered":"\n<p class=\"has-text-align-right\">ANEXO I<br>Resoluci\u00f3n CD N\u00ba 0455\/2025<\/p>\n\n\n\n<p class=\"has-text-align-left\"><br><strong>INSCRIPCIONES<\/strong><\/p>\n\n\n\n<p class=\"has-text-align-left\">12 de marzo al 30 de marzo: Inscripci\u00f3n a las materias de 2do. a 6to. a\u00f1o<\/p>\n\n\n\n<p class=\"has-text-align-left\"><strong>CUATRIMESTRES<\/strong><\/p>\n\n\n\n<figure class=\"wp-block-table\"><table><tbody><tr><td>16 de marzo<\/td><td>Comienza el primer cuatrimestre de 2\u00ba a 6\u00ba a\u00f1o<\/td><\/tr><tr><td>25 de marzo<\/td><td>Comienza el primer cuatrimestre de 1\u00ba a\u00f1o<\/td><\/tr><tr><td>11 de julio (*)<\/td><td>Finaliza el primer cuatrimestre de 1\u00ba a 6\u00ba a\u00f1o<\/td><\/tr><tr><td>3 de agosto (*)<\/td><td>Comienza el segundo cuatrimestre<\/td><\/tr><tr><td>14 de noviembre<\/td><td>Finaliza el segundo cuatrimestre de 2\u00b0 a 6\u00b0 a\u00f1o<\/td><\/tr><tr><td>21 de noviembre<\/td><td>Finaliza el segundo cuatrimestre de 1\u00b0 a\u00f1o<\/td><\/tr><\/tbody><\/table><figcaption class=\"wp-element-caption\">(*) Fechas sujetas a modificaciones de la Direcci\u00f3n General de Cultura y Educaci\u00f3n de la Provincia de Buenos Aires<\/figcaption><\/figure>\n\n\n\n<p><strong>FERIADOS<\/strong><strong><\/strong><\/p>\n\n\n\n<figure class=\"wp-block-table\"><table><tbody><tr><td><strong>FECHA<\/strong><strong><\/strong><\/td><td><strong>D\u00cdA<\/strong><strong><\/strong><\/td><td><strong>CONMEMORACI\u00d3N<\/strong><strong><\/strong><\/td><\/tr><tr><td colspan=\"3\"><strong>2026<\/strong><strong><\/strong><\/td><\/tr><tr><td>23 &#8211; 24 de marzo<\/td><td>lu,ma<\/td><td>D\u00eda Nacional de la Memoria por la Verdad y la Justicia<\/td><\/tr><tr><td>02, 03, 04 y 05 de abril<\/td><td>ju, vi, sa, do<\/td><td>Semana Santa<\/td><\/tr><tr><td>02 de abril<\/td><td>ju<\/td><td>D\u00eda del Veterano y de los Ca\u00eddos en la Guerra de Malvinas<\/td><\/tr><tr><td>01 de mayo<\/td><td>vi<\/td><td>D\u00eda del Trabajador<\/td><\/tr><tr><td>02 de mayo<\/td><td>sa<\/td><td>D\u00eda del Docente tecnol\u00f3gico<\/td><\/tr><tr><td>25 de mayo<\/td><td>lu<\/td><td>D\u00eda de la Revoluci\u00f3n de Mayo<\/td><\/tr><tr><td>17 de junio (posible traslado)<\/td><td>mi<\/td><td>Paso a la inmortalidad del Gral. Mart\u00edn Miguel de G\u00fcemes<\/td><\/tr><tr><td>20 de junio<\/td><td>sa<\/td><td>Paso a la inmortalidad del Gral. Belgrano<\/td><\/tr><tr><td>09 de julio<\/td><td>ju<\/td><td>D\u00eda de la Independencia<\/td><\/tr><tr><td>17 de agosto (posible traslado)<\/td><td>lu<\/td><td>Paso a la inmortalidad del Gral. San Mart\u00edn<\/td><\/tr><tr><td>19 de agosto<\/td><td>mi<\/td><td>D\u00eda de la UTN<\/td><\/tr><tr><td>21 de septiembre<\/td><td>lu<\/td><td>D\u00eda del Estudiante<\/td><\/tr><tr><td>12 de octubre (posible traslado)<\/td><td>lu<\/td><td>D\u00eda del Respeto a la Diversidad Cultural<\/td><\/tr><tr><td>20 de noviembre (posible traslado)<\/td><td>vi<\/td><td>D\u00eda de la Soberan\u00eda Nacional<\/td><\/tr><tr><td>08 de diciembre<\/td><td>ma<\/td><td>Inmaculada Concepci\u00f3n de Mar\u00eda<\/td><\/tr><tr><td>25 de diciembre<\/td><td>vi<\/td><td>Navidad<\/td><\/tr><tr><td colspan=\"3\"><strong>2027<\/strong><strong><\/strong><\/td><\/tr><tr><td>01 de enero<\/td><td>vi<\/td><td>Primero de a\u00f1o<\/td><\/tr><tr><td>08, 09 de febrero<\/td><td>lu, ma<\/td><td>Carnaval<\/td><\/tr><\/tbody><\/table><figcaption class=\"wp-element-caption\">Fechas sujetas a modificaciones de la Jefatura de Gabinete de Ministros seg\u00fan Decreto N\u00ba614\/2025<\/figcaption><\/figure>\n\n\n\n<p><strong>MESAS EXAMINADORAS<\/strong><\/p>\n\n\n\n<figure class=\"wp-block-table\"><table><tbody><tr><td><strong>TURNO<\/strong><\/td><td><strong>LLAMADO<\/strong><\/td><td colspan=\"2\"><strong>FECHA<\/strong><\/td><td><strong>GRUPOS *<\/strong><\/td><\/tr><tr><td>ABRIL<\/td><td>\u00daNICO<\/td><td>ma<\/td><td>07-04<\/td><td>TODOS<\/td><\/tr><tr><td>MAYO<\/td><td>\u00daNICO<\/td><td>ju<\/td><td>28-05<\/td><td>TODOS<\/td><\/tr><tr><td rowspan=\"4\">JULIO<\/td><td>1\u00ba<\/td><td>vi<\/td><td>17-07<\/td><td>TODOS<\/td><\/tr><tr><td rowspan=\"3\"><strong>&nbsp;<\/strong> 2\u00ba<\/td><td>mi<\/td><td>29-07<\/td><td>1<\/td><\/tr><tr><td>ju<\/td><td>30-07<\/td><td>2<\/td><\/tr><tr><td>vi<\/td><td>31-07<\/td><td>3<\/td><\/tr><tr><td>SEPTIEMBRE<\/td><td>\u00daNICO<\/td><td>mi<\/td><td>16-09<\/td><td>TODOS<\/td><\/tr><tr><td rowspan=\"4\">DICIEMBRE<\/td><td>1\u00ba<\/td><td>vi<\/td><td>04-12<\/td><td>TODOS<\/td><\/tr><tr><td rowspan=\"3\"><strong>&nbsp;<\/strong> 2\u00ba<\/td><td>lu<\/td><td>14-12<\/td><td>1<\/td><\/tr><tr><td>ma<\/td><td>15-12<\/td><td>2<\/td><\/tr><tr><td>mi<\/td><td>16-12<\/td><td>3<\/td><\/tr><tr><td rowspan=\"7\">FEBRERO &#8211; MARZO 2027<\/td><td>1\u00b0<\/td><td>ju<\/td><td>11-02<\/td><td>TODOS<\/td><\/tr><tr><td rowspan=\"3\"><strong>&nbsp;<\/strong> 2\u00b0<\/td><td>lu<\/td><td>22-02<\/td><td>1<\/td><\/tr><tr><td>ma<\/td><td>23-02<\/td><td>2<\/td><\/tr><tr><td>mi<\/td><td>24-02<\/td><td>3<\/td><\/tr><tr><td rowspan=\"3\"><strong>&nbsp;<\/strong> 3\u00b0<\/td><td>mi<\/td><td>03-03<\/td><td>1<\/td><\/tr><tr><td>ju<\/td><td>04-03<\/td><td>2<\/td><\/tr><tr><td>vi<\/td><td>05-03<\/td><td>3<\/td><\/tr><\/tbody><\/table><\/figure>\n\n\n\n<p><strong>MESAS ESPECIALES (s\/Ord.1549)<\/strong><\/p>\n\n\n\n<figure class=\"wp-block-table\"><table><tbody><tr><td>ABRIL<\/td><td>ma<\/td><td>28-04<\/td><\/tr><tr><td>JUNIO<\/td><td>ju<\/td><td>18-06<\/td><\/tr><tr><td>AGOSTO<\/td><td>vi<\/td><td>21-08<\/td><\/tr><tr><td>OCTUBRE<\/td><td>lu<\/td><td>05-10<\/td><\/tr><tr><td>NOVIEMBRE<\/td><td>mi<\/td><td>11-11<\/td><\/tr><\/tbody><\/table><\/figure>\n\n\n\n<figure class=\"wp-block-table\"><table><tbody><tr><td><strong>GRUPOS<\/strong><strong><\/strong><\/td><td><strong>DEPARTAMENTOS<\/strong><strong><\/strong><\/td><td><strong>ASIGNATURAS<\/strong><strong><\/strong><\/td><\/tr><tr><td>&nbsp;<\/td><td rowspan=\"3\">Dpto. Electr\u00f3nica <br>P\/ Dpto. Mec\u00e1nica <br>Dpto. El\u00e9ctrica <br>P\/ Dpto. Industrial <br>P\/ Dpto. Metalurgia <br>P\/ Dpto. Mec\u00e1nica <br>Dpto. Materias B\u00e1sicas<\/td><td>Electr\u00f3nica y sistemas de control<\/td><\/tr><tr><td>    <strong>&nbsp;<\/strong> <strong>1<\/strong><\/td><td>Eletrotecnia y m\u00e1quinas el\u00e9ctricas <br>Eletrotecnia y sistemas de control <br>Eletrotecnia y m\u00e1quinas el\u00e9ctricas<\/td><\/tr><tr><td>&nbsp;<\/td><td>F\u00edsica <br>Qu\u00edmica <br>Ingl\u00e9s <br>Inform\u00e1tica<\/td><\/tr><tr><td><strong>&nbsp;<\/strong> <strong>&nbsp;<\/strong> <strong>&nbsp;<\/strong><strong>2<\/strong><\/td><td>Dpto. Mec\u00e1nica <br>Dpto. Industrial &#8211; LOI <br>Dpto. El\u00e9ctrica <br>Dpto. Materias B\u00e1sicas<\/td><td>C\u00e1lculo Num\u00e9rico <br>\u00c1lgebra y Geometr\u00eda Anal\u00edtica <br>Ingenier\u00eda y Sociedad Econom\u00eda <br>Legislaci\u00f3n<\/td><\/tr><tr><td><strong>&nbsp;<\/strong> <strong>&nbsp;<\/strong>  <strong>3<\/strong><\/td><td>Dpto. Metalurgia \u2013 LAR <br>Dpto. Sistemas de Informaci\u00f3n <strong>&nbsp;<\/strong> <br>Dpto. Materias B\u00e1sicas<\/td><td>An\u00e1lisis Matem\u00e1tico I <br>An\u00e1lisis Matem\u00e1tico II <br>Probabilidad y Estad\u00edstica <br>Sistemas de Representaci\u00f3n<\/td><\/tr><\/tbody><\/table><\/figure>\n\n\n\n<hr class=\"wp-block-separator has-alpha-channel-opacity\"\/>\n\n\n\n<p>Resoluci\u00f3n de Consejo Directivo N\u00b0 455 del Calendario Acad\u00e9mico de Grado para el Ciclo lectivo 2026 (Seg\u00fan Ord. 1549)<\/p>\n\n\n\n<div class=\"wp-block-file\"><object class=\"wp-block-file__embed\" data=\"https:\/\/www.frsn.utn.edu.ar\/wp-content\/uploads\/2025\/12\/0455-RECD-Calendario-Academico-Grado-2026-1.pdf\" type=\"application\/pdf\" style=\"width:100%;height:600px\" aria-label=\"Incrustado de 0455-RECD-Calendario-Academico-Grado-2026-1.\"><\/object><a id=\"wp-block-file--media-e52bff17-18a4-4d52-a80e-df25ffd4d17a\" href=\"https:\/\/www.frsn.utn.edu.ar\/wp-content\/uploads\/2025\/12\/0455-RECD-Calendario-Academico-Grado-2026-1.pdf\">0455-RECD-Calendario-Academico-Grado-2026-1<\/a><a href=\"https:\/\/www.frsn.utn.edu.ar\/wp-content\/uploads\/2025\/12\/0455-RECD-Calendario-Academico-Grado-2026-1.pdf\" class=\"wp-block-file__button wp-element-button\" download aria-describedby=\"wp-block-file--media-e52bff17-18a4-4d52-a80e-df25ffd4d17a\">Descarga<\/a><\/div>\n","protected":false},"excerpt":{"rendered":"<p>ANEXO IResoluci\u00f3n CD N\u00ba 0455\/2025 INSCRIPCIONES 12 de marzo al 30 de marzo: Inscripci\u00f3n a las materias de 2do. a 6to. a\u00f1o CUATRIMESTRES 16 de marzo Comienza el primer cuatrimestre<\/p>\n","protected":false},"author":2,"featured_media":2462,"parent":267,"menu_order":0,"comment_status":"closed","ping_status":"closed","template":"","meta":[],"_links":{"self":[{"href":"https:\/\/www.frsn.utn.edu.ar\/index.php?rest_route=\/wp\/v2\/pages\/308"}],"collection":[{"href":"https:\/\/www.frsn.utn.edu.ar\/index.php?rest_route=\/wp\/v2\/pages"}],"about":[{"href":"https:\/\/www.frsn.utn.edu.ar\/index.php?rest_route=\/wp\/v2\/types\/page"}],"author":[{"embeddable":true,"href":"https:\/\/www.frsn.utn.edu.ar\/index.php?rest_route=\/wp\/v2\/users\/2"}],"replies":[{"embeddable":true,"href":"https:\/\/www.frsn.utn.edu.ar\/index.php?rest_route=%2Fwp%2Fv2%2Fcomments&post=308"}],"version-history":[{"count":37,"href":"https:\/\/www.frsn.utn.edu.ar\/index.php?rest_route=\/wp\/v2\/pages\/308\/revisions"}],"predecessor-version":[{"id":6688,"href":"https:\/\/www.frsn.utn.edu.ar\/index.php?rest_route=\/wp\/v2\/pages\/308\/revisions\/6688"}],"up":[{"embeddable":true,"href":"https:\/\/www.frsn.utn.edu.ar\/index.php?rest_route=\/wp\/v2\/pages\/267"}],"wp:featuredmedia":[{"embeddable":true,"href":"https:\/\/www.frsn.utn.edu.ar\/index.php?rest_route=\/wp\/v2\/media\/2462"}],"wp:attachment":[{"href":"https:\/\/www.frsn.utn.edu.ar\/index.php?rest_route=%2Fwp%2Fv2%2Fmedia&parent=308"}],"curies":[{"name":"wp","href":"https:\/\/api.w.org\/{rel}","templated":true}]}}